{"id":1523,"date":"2022-07-02T13:06:37","date_gmt":"2022-07-02T16:06:37","guid":{"rendered":"http:\/\/kariciashop.com.br\/loja\/?post_type=product&#038;p=1523"},"modified":"2022-08-21T20:03:33","modified_gmt":"2022-08-21T23:03:33","slug":"extensor-duplo-demillus-070083","status":"publish","type":"product","link":"https:\/\/kariciashop.com.br\/loja\/index.php\/product\/extensor-duplo-demillus-070083\/","title":{"rendered":"Extensor Duplo DeMillus 070083"},"content":{"rendered":"<p style=\"font-weight: 400;\">Extensor Duplo DeMillus 70083 Perfeitos para voc\u00ea que tem as costas largas. Prolongam o c\u00f3s do suti\u00e3 garantindo mais conforto. Fecho com tripla regulagem.<\/p>\n<table style=\"font-weight: 400;\">\n<tbody style=\"font-style: inherit; font-weight: inherit;\">\n<tr style=\"font-style: inherit; font-weight: inherit;\">\n<td style=\"font-style: inherit; font-weight: inherit;\" width=\"43\"><b><strong style=\"font-style: inherit;\">Tam<\/strong><\/b><\/td>\n<td style=\"font-style: inherit; font-weight: inherit;\" width=\"103\"><b><strong style=\"font-style: inherit;\">Sobre o busto<\/strong><\/b><\/td>\n<td style=\"font-style: inherit; font-weight: inherit;\" width=\"103\"><b><strong style=\"font-style: inherit;\">Abaixo do busto<\/strong><\/b><\/td>\n<td style=\"font-style: inherit; font-weight: inherit;\" width=\"103\"><b><strong style=\"font-style: inherit;\">Cintura<\/strong><\/b><\/td>\n<td style=\"font-style: inherit; font-weight: inherit;\" width=\"103\"><b><strong style=\"font-style: inherit;\">Quadril<\/strong><\/b><\/td>\n<\/tr>\n<tr style=\"font-style: inherit; font-weight: inherit;\">\n<td style=\"font-style: inherit; font-weight: inherit;\"><b><strong style=\"font-style: inherit;\">PP<\/strong><\/b><\/td>\n<td style=\"font-style: inherit; font-weight: inherit;\">77 a 82cm<\/td>\n<td style=\"font-style: inherit; font-weight: inherit;\">62 a 67cm<\/td>\n<td style=\"font-style: inherit; font-weight: inherit;\">54 a 61cm<\/td>\n<td style=\"font-style: inherit; font-weight: inherit;\">76 a 86cm<\/td>\n<\/tr>\n<tr style=\"font-style: inherit; font-weight: inherit;\">\n<td style=\"font-style: inherit; font-weight: inherit;\"><b><strong style=\"font-style: inherit;\">PE<\/strong><\/b><\/td>\n<td style=\"font-style: inherit; font-weight: inherit;\">83 a 87cm<\/td>\n<td style=\"font-style: inherit; font-weight: inherit;\">68 a 72cm<\/td>\n<td style=\"font-style: inherit; font-weight: inherit;\">62 a 69cm<\/td>\n<td style=\"font-style: inherit; font-weight: inherit;\">87 a 94cm<\/td>\n<\/tr>\n<tr style=\"font-style: inherit; font-weight: inherit;\">\n<td style=\"font-style: inherit; font-weight: inherit;\"><b><strong style=\"font-style: inherit;\">ME<\/strong><\/b><\/td>\n<td style=\"font-style: inherit; font-weight: inherit;\">88 a 92cm<\/td>\n<td style=\"font-style: inherit; font-weight: inherit;\">73 a 77cm<\/td>\n<td style=\"font-style: inherit; font-weight: inherit;\">70 a 77cm<\/td>\n<td style=\"font-style: inherit; font-weight: inherit;\">95 a 102cm<\/td>\n<\/tr>\n<tr style=\"font-style: inherit; font-weight: inherit;\">\n<td style=\"font-style: inherit; font-weight: inherit;\"><b><strong style=\"font-style: inherit;\">GR<\/strong><\/b><\/td>\n<td style=\"font-style: inherit; font-weight: inherit;\">93 a 97cm<\/td>\n<td style=\"font-style: inherit; font-weight: inherit;\">78 a 82cm<\/td>\n<td style=\"font-style: inherit; font-weight: inherit;\">78 a 85cm<\/td>\n<td style=\"font-style: inherit; font-weight: inherit;\">103 a 110cm<\/td>\n<\/tr>\n<tr style=\"font-style: inherit; font-weight: inherit;\">\n<td style=\"font-style: inherit; font-weight: inherit;\"><b><strong style=\"font-style: inherit;\">EG<\/strong><\/b><\/td>\n<td style=\"font-style: inherit; font-weight: inherit;\">98 a 102cm<\/td>\n<td style=\"font-style: inherit; font-weight: inherit;\">83 a 87cm<\/td>\n<td style=\"font-style: inherit; font-weight: inherit;\">86 a 93cm<\/td>\n<td style=\"font-style: inherit; font-weight: inherit;\">111 a 118cm<\/td>\n<\/tr>\n<tr style=\"font-style: inherit; font-weight: inherit;\">\n<td style=\"font-style: inherit; font-weight: inherit;\"><b><strong style=\"font-style: inherit;\">XG<\/strong><\/b><\/td>\n<td style=\"font-style: inherit; font-weight: inherit;\">103 a 107cm<\/td>\n<td style=\"font-style: inherit; font-weight: inherit;\">88 a 92cm<\/td>\n<td style=\"font-style: inherit; font-weight: inherit;\">94 a 101cm<\/td>\n<td style=\"font-style: inherit; font-weight: inherit;\">119 a 126cm<\/td>\n<\/tr>\n<\/tbody>\n<\/table>\n","protected":false},"excerpt":{"rendered":"<p>Extensor Duplo DeMillus 70083 Perfeitos para voc\u00ea que tem as costas largas. Prolongam o c\u00f3s do suti\u00e3 garantindo mais conforto. Fecho com tripla regulagem.<\/p>\n","protected":false},"featured_media":1537,"template":"","meta":[],"product_cat":[30],"product_tag":[79,24,93,92,71],"_links":{"self":[{"href":"https:\/\/kariciashop.com.br\/loja\/index.php\/wp-json\/wp\/v2\/product\/1523"}],"collection":[{"href":"https:\/\/kariciashop.com.br\/loja\/index.php\/wp-json\/wp\/v2\/product"}],"about":[{"href":"https:\/\/kariciashop.com.br\/loja\/index.php\/wp-json\/wp\/v2\/types\/product"}],"wp:featuredmedia":[{"embeddable":true,"href":"https:\/\/kariciashop.com.br\/loja\/index.php\/wp-json\/wp\/v2\/media\/1537"}],"wp:attachment":[{"href":"https:\/\/kariciashop.com.br\/loja\/index.php\/wp-json\/wp\/v2\/media?parent=1523"}],"wp:term":[{"taxonomy":"product_cat","embeddable":true,"href":"https:\/\/kariciashop.com.br\/loja\/index.php\/wp-json\/wp\/v2\/product_cat?post=1523"},{"taxonomy":"product_tag","embeddable":true,"href":"https:\/\/kariciashop.com.br\/loja\/index.php\/wp-json\/wp\/v2\/product_tag?post=1523"}],"curies":[{"name":"wp","href":"https:\/\/api.w.org\/{rel}","templated":true}]}}