{"id":1412,"date":"2022-06-26T21:41:47","date_gmt":"2022-06-27T00:41:47","guid":{"rendered":"http:\/\/kariciashop.com.br\/loja\/?post_type=product&#038;p=1412"},"modified":"2023-02-21T12:00:03","modified_gmt":"2023-02-21T15:00:03","slug":"sutia-conforto-ultraleve-plus-demillus-061146","status":"publish","type":"product","link":"https:\/\/kariciashop.com.br\/loja\/index.php\/product\/sutia-conforto-ultraleve-plus-demillus-061146\/","title":{"rendered":"Suti\u00e3 Conforto Ultraleve Plus DeMillus 061146"},"content":{"rendered":"<p>Suti\u00e3 Conforto Ultraleve Plus DeMillus 61146 Sem aro, sem espuma e sem fecho. Al\u00e7as mais largas para melhor sustenta\u00e7\u00e3o. Tamanho \u00danico (veste do 48 ao 52).<\/p>\n<table width=\"436\">\n<tbody>\n<tr style=\"font-style: inherit; font-weight: inherit;\">\n<td style=\"font-style: inherit; font-weight: inherit;\" width=\"95\">Tamanho<\/td>\n<td style=\"font-style: inherit; font-weight: inherit;\" width=\"158\">Sobre o busto<\/td>\n<td style=\"font-style: inherit; font-weight: inherit;\" width=\"183\">Abaixo do busto<\/td>\n<\/tr>\n<tr style=\"font-style: inherit; font-weight: inherit;\">\n<td style=\"font-style: inherit; font-weight: inherit;\" width=\"95\">38<\/td>\n<td style=\"font-style: inherit; font-weight: inherit;\" width=\"158\">71 a 76cm<\/td>\n<td style=\"font-style: inherit; font-weight: inherit;\" width=\"183\">56 a 61cm<\/td>\n<\/tr>\n<tr style=\"font-style: inherit; font-weight: inherit;\">\n<td style=\"font-style: inherit; font-weight: inherit;\" width=\"95\">40<\/td>\n<td style=\"font-style: inherit; font-weight: inherit;\" width=\"158\">77 a 82cm<\/td>\n<td style=\"font-style: inherit; font-weight: inherit;\" width=\"183\">62 a 67cm<\/td>\n<\/tr>\n<tr style=\"font-style: inherit; font-weight: inherit;\">\n<td style=\"font-style: inherit; font-weight: inherit;\" width=\"95\">42<\/td>\n<td style=\"font-style: inherit; font-weight: inherit;\" width=\"158\">83 a 87cm<\/td>\n<td style=\"font-style: inherit; font-weight: inherit;\" width=\"183\">68 a 72cm<\/td>\n<\/tr>\n<tr style=\"font-style: inherit; font-weight: inherit;\">\n<td style=\"font-style: inherit; font-weight: inherit;\" width=\"95\">44<\/td>\n<td style=\"font-style: inherit; font-weight: inherit;\" width=\"158\">88 a 92cm<\/td>\n<td style=\"font-style: inherit; font-weight: inherit;\" width=\"183\">73 a 77cm<\/td>\n<\/tr>\n<tr style=\"font-style: inherit; font-weight: inherit;\">\n<td style=\"font-style: inherit; font-weight: inherit;\" width=\"95\">46<\/td>\n<td style=\"font-style: inherit; font-weight: inherit;\" width=\"158\">93 a 97cm<\/td>\n<td style=\"font-style: inherit; font-weight: inherit;\" width=\"183\">78 a 82cm<\/td>\n<\/tr>\n<tr style=\"font-style: inherit; font-weight: inherit;\">\n<td style=\"font-style: inherit; font-weight: inherit;\" width=\"95\">48<\/td>\n<td style=\"font-style: inherit; font-weight: inherit;\" width=\"158\">98 a 102cm<\/td>\n<td style=\"font-style: inherit; font-weight: inherit;\" width=\"183\">83 a 87cm<\/td>\n<\/tr>\n<\/tbody>\n<\/table>\n","protected":false},"excerpt":{"rendered":"<p>Suti\u00e3 Conforto Ultraleve Plus DeMillus 61146 Sem aro, sem espuma e sem fecho. Al\u00e7as mais largas para melhor sustenta\u00e7\u00e3o. Tamanho \u00danico (veste do 48 ao 52).<\/p>\n","protected":false},"featured_media":1413,"template":"","meta":[],"product_cat":[15],"product_tag":[75,24,74,36,73],"_links":{"self":[{"href":"https:\/\/kariciashop.com.br\/loja\/index.php\/wp-json\/wp\/v2\/product\/1412"}],"collection":[{"href":"https:\/\/kariciashop.com.br\/loja\/index.php\/wp-json\/wp\/v2\/product"}],"about":[{"href":"https:\/\/kariciashop.com.br\/loja\/index.php\/wp-json\/wp\/v2\/types\/product"}],"wp:featuredmedia":[{"embeddable":true,"href":"https:\/\/kariciashop.com.br\/loja\/index.php\/wp-json\/wp\/v2\/media\/1413"}],"wp:attachment":[{"href":"https:\/\/kariciashop.com.br\/loja\/index.php\/wp-json\/wp\/v2\/media?parent=1412"}],"wp:term":[{"taxonomy":"product_cat","embeddable":true,"href":"https:\/\/kariciashop.com.br\/loja\/index.php\/wp-json\/wp\/v2\/product_cat?post=1412"},{"taxonomy":"product_tag","embeddable":true,"href":"https:\/\/kariciashop.com.br\/loja\/index.php\/wp-json\/wp\/v2\/product_tag?post=1412"}],"curies":[{"name":"wp","href":"https:\/\/api.w.org\/{rel}","templated":true}]}}