{"id":1032,"date":"2021-07-21T19:22:47","date_gmt":"2021-07-21T22:22:47","guid":{"rendered":"http:\/\/kariciashop.com.br\/loja\/?post_type=product&#038;p=1032"},"modified":"2023-02-21T11:39:20","modified_gmt":"2023-02-21T14:39:20","slug":"calcinha-biquini-caribidis-demillus-53331","status":"publish","type":"product","link":"https:\/\/kariciashop.com.br\/loja\/index.php\/product\/calcinha-biquini-caribidis-demillus-53331\/","title":{"rendered":"Calcinha Biqu\u00edni Car\u00edbidis DeMillus 053331"},"content":{"rendered":"<p>Calcinha Biqu\u00edni Car\u00edbidis DeMillus (53331), cole\u00e7\u00e3o Car\u00edbidis. Confeccionada em microfibra de toque leve, macio e extremamente confort\u00e1vel. Calcinha modelagem biqu\u00edni com cintura baixa, laterais m\u00e9dias e pernas cavadas. Cintura em delicada renda el\u00e1stica, que acrescenta charme \u00e0 pe\u00e7a. Cavas das pernas com acabamento em el\u00e1stico vi\u00e9s. Fundo com forro em algod\u00e3o. Composi\u00e7\u00e3o: 90% Poliamida e 10% Elastano. Renda: 78% Poliamida e 22% Elastano. Forro: 100% Algod\u00e3o.<\/p>\n<p>&nbsp;<\/p>\n<table border=\"1\" width=\"100%\">\n<tbody>\n<tr>\n<th colspan=\"2\" scope=\"col\" height=\"23\">\n<div align=\"center\"><strong><em>\u00a0DeMillus<\/em><\/strong><\/div>\n<\/th>\n<\/tr>\n<tr>\n<td width=\"53%\" height=\"23\">\n<div align=\"center\"><strong>Manequim<\/strong><\/div>\n<\/td>\n<td width=\"47%\">\n<div align=\"center\"><strong>Equival\u00eancia<\/strong><\/div>\n<\/td>\n<\/tr>\n<tr>\n<td height=\"23\">\n<div align=\"center\"><strong>A<\/strong><\/div>\n<\/td>\n<td>\n<div align=\"center\">P &#8211; M<\/div>\n<\/td>\n<\/tr>\n<tr>\n<td height=\"23\">\n<div align=\"center\"><strong>B<\/strong><\/div>\n<\/td>\n<td>\n<div align=\"center\">G &#8211; EG<\/div>\n<\/td>\n<\/tr>\n<\/tbody>\n<\/table>\n","protected":false},"excerpt":{"rendered":"<p>Calcinha Biqu\u00edni Car\u00edbidis DeMillus (53331), cole\u00e7\u00e3o Car\u00edbidis. Confeccionada em microfibra de toque leve, macio e extremamente confort\u00e1vel. Calcinha modelagem biqu\u00edni com cintura baixa, laterais m\u00e9dias e pernas cavadas. Cintura em delicada renda el\u00e1stica, que acrescenta charme \u00e0 pe\u00e7a. Cavas das pernas com acabamento em el\u00e1stico vi\u00e9s. Fundo com forro em algod\u00e3o. Composi\u00e7\u00e3o: 90% Poliamida e 10% Elastano. Renda: 78% Poliamida e 22% Elastano. Forro: 100% Algod\u00e3o.<\/p>\n","protected":false},"featured_media":1049,"template":"","meta":[],"product_cat":[21],"product_tag":[33,43,23,37,40,70,24,25,38,39],"_links":{"self":[{"href":"https:\/\/kariciashop.com.br\/loja\/index.php\/wp-json\/wp\/v2\/product\/1032"}],"collection":[{"href":"https:\/\/kariciashop.com.br\/loja\/index.php\/wp-json\/wp\/v2\/product"}],"about":[{"href":"https:\/\/kariciashop.com.br\/loja\/index.php\/wp-json\/wp\/v2\/types\/product"}],"wp:featuredmedia":[{"embeddable":true,"href":"https:\/\/kariciashop.com.br\/loja\/index.php\/wp-json\/wp\/v2\/media\/1049"}],"wp:attachment":[{"href":"https:\/\/kariciashop.com.br\/loja\/index.php\/wp-json\/wp\/v2\/media?parent=1032"}],"wp:term":[{"taxonomy":"product_cat","embeddable":true,"href":"https:\/\/kariciashop.com.br\/loja\/index.php\/wp-json\/wp\/v2\/product_cat?post=1032"},{"taxonomy":"product_tag","embeddable":true,"href":"https:\/\/kariciashop.com.br\/loja\/index.php\/wp-json\/wp\/v2\/product_tag?post=1032"}],"curies":[{"name":"wp","href":"https:\/\/api.w.org\/{rel}","templated":true}]}}